{"id":17,"date":"2019-11-25T18:33:25","date_gmt":"2019-11-25T17:33:25","guid":{"rendered":"https:\/\/new.eichenauer-schuetzen.de\/?page_id=17"},"modified":"2026-02-10T08:50:19","modified_gmt":"2026-02-10T07:50:19","slug":"start","status":"publish","type":"page","link":"https:\/\/eichenauer-schuetzen.de\/","title":{"rendered":"Start"},"content":{"rendered":"<p>[et_pb_section fb_built=&#8220;1&#8243; _builder_version=&#8220;4.16&#8243; background_color=&#8220;#e5e5e5&#8243; background_image=&#8220;https:\/\/eichenauer-schuetzen.de\/wp-content\/uploads\/2019\/11\/background.jpg&#8220; background_size=&#8220;initial&#8220; background_position=&#8220;top_left&#8220; background_repeat=&#8220;repeat-x&#8220; global_colors_info=&#8220;{}&#8220;][et_pb_row _builder_version=&#8220;4.16&#8243; hover_transition_speed_curve=&#8220;linear&#8220; global_colors_info=&#8220;{}&#8220;][et_pb_column type=&#8220;4_4&#8243; _builder_version=&#8220;4.16&#8243; global_colors_info=&#8220;{}&#8220;][et_pb_image src=&#8220;https:\/\/eichenauer-schuetzen.de\/wp-content\/uploads\/2019\/11\/titel-start.jpg&#8220; align=&#8220;center&#8220; force_fullwidth=&#8220;on&#8220; _builder_version=&#8220;4.16&#8243; border_width_all=&#8220;1px&#8220; border_color_all=&#8220;#0c5114&#8243; box_shadow_style=&#8220;preset1&#8243; global_colors_info=&#8220;{}&#8220;][\/et_pb_image][\/et_pb_column][\/et_pb_row][et_pb_row column_structure=&#8220;3_5,2_5&#8243; _builder_version=&#8220;4.16&#8243; background_color=&#8220;#ffffff&#8220; hover_transition_speed_curve=&#8220;linear&#8220; border_width_all=&#8220;1px&#8220; border_color_all=&#8220;#0c5114&#8243; border_color_bottom=&#8220;#000000&#8243; global_colors_info=&#8220;{}&#8220;][et_pb_column type=&#8220;3_5&#8243; _builder_version=&#8220;4.16&#8243; global_colors_info=&#8220;{}&#8220;][et_pb_text _builder_version=&#8220;4.16&#8243; transform_translate=&#8220;1px|0px&#8220; transform_translate_linked=&#8220;off&#8220; global_colors_info=&#8220;{}&#8220;]<\/p>\n<h1 style=\"text-align: center;\"><strong><span face=\"Arial\" style=\"font-family: Arial; color: #0c5114;\">Liebe Eichenauer, liebe Freunde und Mitglieder unserer Sch\u00fctzengesellschaft,<\/span><\/strong><\/h1>\n<div style=\"text-align: center;\"><span face=\"Arial\" style=\"font-family: Arial; color: #000000;\"><\/span><\/div>\n<div style=\"text-align: center;\"><span face=\"Arial\" style=\"font-family: Arial; color: #000000;\">i<\/span><span face=\"Arial\" style=\"font-family: Arial; color: #000000;\">ch hei\u00dfe Euch herzlich willkommen!<\/span><\/div>\n<div style=\"text-align: center;\"><span face=\"Arial\" style=\"font-family: Arial; color: #000000;\">Diese Seite bietet alle wichtigen Informationen zu unserem Verein:<\/span><\/div>\n<div style=\"text-align: center;\"><span style=\"color: #000000;\">\u00a0<\/span><\/div>\n<div style=\"text-align: center;\"><span face=\"Arial\" style=\"font-family: Arial; color: #000000;\">Das Neueste vom Sport und aus dem Gesellschaftsleben&#8230;<\/span><\/div>\n<div style=\"text-align: center;\"><span face=\"Arial\" style=\"font-family: Arial; color: #000000;\">Bilder von Siegern, Jubilaren und Sch\u00fctzenk\u00f6nigen&#8230;<\/span><\/div>\n<div style=\"text-align: center;\"><span face=\"Arial\" style=\"font-family: Arial; color: #000000;\">Die n\u00e4chsten Ereignisse im Sch\u00fctzenkalender&#8230;<\/span><\/div>\n<div style=\"text-align: center;\"><span face=\"Arial\" style=\"font-family: Arial; color: #000000;\">&#8230; und nat\u00fcrlich Trainingszeiten, Kontakt und Anfahrt!<\/span><\/div>\n<div style=\"text-align: center;\"><span style=\"color: #000000;\">\u00a0<\/span><\/div>\n<div style=\"text-align: center;\"><span face=\"Arial\" style=\"font-family: Arial; color: #000000;\">Es erwartet Dich ein geselliges Vereinsleben mitten in Eichenau!<\/span><\/div>\n<div style=\"text-align: center;\"><span face=\"Arial\" style=\"font-family: Arial; color: #000000;\">Besuch uns doch an einem unserer Vereinsabende, wir freuen uns auf Dich.<\/span><\/div>\n<div style=\"text-align: center;\"><span style=\"color: #000000;\">\u00a0<\/span><\/div>\n<div style=\"text-align: center;\"><span face=\"Arial\" style=\"font-family: Arial; color: #000000;\">Im Namen der Vorstandschaft,<\/span><\/div>\n<div style=\"text-align: center;\"><span style=\"color: #000000;\">\u00a0<\/span><\/div>\n<div style=\"text-align: center;\"><span style=\"color: #000000;\">\u00a0<\/span><\/div>\n<div style=\"text-align: center;\"><span face=\"Arial\" style=\"font-family: Arial; color: #000000;\">Claus Guttenthaler, 1. Sch\u00fctzenmeister<\/span><\/div>\n<p>[\/et_pb_text][\/et_pb_column][et_pb_column type=&#8220;2_5&#8243; _builder_version=&#8220;4.16&#8243; global_colors_info=&#8220;{}&#8220;][et_pb_image src=&#8220;https:\/\/eichenauer-schuetzen.de\/wp-content\/uploads\/2019\/11\/16_neueJugendgewehre_klein.jpg&#8220; show_in_lightbox=&#8220;on&#8220; _builder_version=&#8220;4.27.4&#8243; transform_translate=&#8220;-1px|0px&#8220; transform_translate_linked=&#8220;off&#8220; width=&#8220;90%&#8220; max_width=&#8220;100%&#8220; box_shadow_style=&#8220;preset1&#8243; global_colors_info=&#8220;{}&#8220;][\/et_pb_image][et_pb_image src=&#8220;https:\/\/eichenauer-schuetzen.de\/wp-content\/uploads\/2019\/11\/tn_DSCF0279-Zuschnitt.jpg&#8220; show_in_lightbox=&#8220;on&#8220; _builder_version=&#8220;4.27.4&#8243; transform_translate=&#8220;-1px|0px&#8220; transform_translate_linked=&#8220;off&#8220; width=&#8220;90%&#8220; max_width=&#8220;100%&#8220; box_shadow_style=&#8220;preset1&#8243; global_colors_info=&#8220;{}&#8220;][\/et_pb_image][\/et_pb_column][\/et_pb_row][et_pb_row column_structure=&#8220;2_3,1_3&#8243; _builder_version=&#8220;4.16&#8243; background_color=&#8220;#ffffff&#8220; hover_transition_speed_curve=&#8220;linear&#8220; border_width_all=&#8220;1px&#8220; border_color_all=&#8220;#0c5114&#8243; border_width_top=&#8220;0px&#8220; global_colors_info=&#8220;{}&#8220;][et_pb_column type=&#8220;2_3&#8243; _builder_version=&#8220;4.16&#8243; global_colors_info=&#8220;{}&#8220;][et_pb_blog posts_number=&#8220;1&#8243; meta_date=&#8220;j M, Y&#8220; show_thumbnail=&#8220;off&#8220; show_content=&#8220;on&#8220; show_author=&#8220;off&#8220; show_categories=&#8220;off&#8220; show_pagination=&#8220;off&#8220; _builder_version=&#8220;4.16&#8243; transform_translate=&#8220;1px|0px&#8220; transform_translate_linked=&#8220;off&#8220; min_height=&#8220;1165.1px&#8220; custom_padding=&#8220;||0px|5px|false|false&#8220; border_color_all_fullwidth=&#8220;#ffffff&#8220; border_width_left_fullwidth=&#8220;6px&#8220; global_colors_info=&#8220;{}&#8220;][\/et_pb_blog][et_pb_text _builder_version=&#8220;4.27.4&#8243; _module_preset=&#8220;default&#8220; global_colors_info=&#8220;{}&#8220;]<\/p>\n<h2 style=\"padding-left: 40px;\"><span style=\"color: #0c5114;\"><strong>Wir suchen DICH!<\/strong><\/span><\/h2>\n<p style=\"padding-left: 40px;\">Ein Verein lebt von Gemeinschaft, Begeisterung und Engagement \u2013 und genau daf\u00fcr brauchen wir eure Unterst\u00fctzung!<\/p>\n<p style=\"padding-left: 40px; text-align: center;\"><strong>Egal ob mit Erfahrung oder einfach mit Lust, etwas Neues auszuprobieren: Bei uns ist jeder willkommen.<\/strong><\/p>\n<p style=\"padding-left: 40px;\"><strong>Trainer &amp; Trainerinnen gesucht<\/strong><br \/>F\u00fcr unsere Jugend- und Erwachsenengruppen suchen wir engagierte Trainerinnen und Trainer.<br \/>Auch wenn du noch keine Trainerausbildung hast, aber Interesse daran, unterst\u00fctzen wir dich gerne auf diesem Weg.<\/p>\n<p style=\"padding-left: 40px;\"><strong>Neue Mitglieder &amp; helfende H\u00e4nde<\/strong><br \/>Du m\u00f6chtest Teil eines aktiven Vereins werden, mitmachen, unterst\u00fctzen oder einfach dazugeh\u00f6ren?<br \/>Dann bist du bei uns genau richtig \u2013 ob sportlich, organisatorisch oder einfach aus Freude am Vereinsleben.<\/p>\n<p style=\"padding-left: 40px;\"><strong>Hobbykoch \/ Hobbyk\u00f6chin gesucht<\/strong><br \/>F\u00fcr unsere Vereinsabende suchen wir jemanden, der (gegen Geb\u00fchr) Lust hat, f\u00fcr ca. 10\u201320 Personen zu kochen.<br \/>Kein Profikochen n\u00f6tig \u2013 Freude am Kochen und an Geselligkeit reicht v\u00f6llig aus!<\/p>\n<p style=\"padding-left: 40px;\"><strong>Interesse geweckt?<\/strong><br \/>Schreib uns eine Mail an verein(at)eichenauer-schuetzen.de oder komm unverbindlich zu einem unserer Vereinsabende vorbei.<\/p>\n<p style=\"padding-left: 40px;\">Wir freuen uns auf neue Gesichter, frische Ideen und ein starkes Miteinander!<\/p>\n<p>[\/et_pb_text][\/et_pb_column][et_pb_column type=&#8220;1_3&#8243; _builder_version=&#8220;4.16&#8243; global_colors_info=&#8220;{}&#8220;][et_pb_code _builder_version=&#8220;4.27.4&#8243; custom_padding=&#8220;|5px|||false|false&#8220; global_colors_info=&#8220;{}&#8220;]<\/p>\n<h1><strong><span face=\"Arial\" style=\"font-family: Arial; color: #0c5114;\">Aktuelles:<\/span><\/strong><\/h1>\n<p><!-- [et_pb_line_break_holder] --><div class='mc-event-list-container'><ul id='upcoming-events-bdf35fe5b8784b49766f18885c948cde' class='mc-event-list upcoming-events list-events'>\n<li class=\"mc-mc_upcoming_107 upcoming-event mc_vereinsabend mc_no-location  on-now mc_primary_vereinsabend nonrecurring mc mc-start-00-00 ungrouped mc-event-98 today-event mc-events mc_rel_vereinsabend today\"><strong><span class='mc_db'>3. Mai 2026<\/span><\/strong> &#8211; <a href='https:\/\/eichenauer-schuetzen.de\/?page_id=6&#038;mc_id=107&#038;rest_route=\/wp\/v2\/pages\/17' ><span class='mc-icon' aria-hidden='true'><\/span>Fronleichnam mit Prozession und Pfarrfest<\/a><\/li>\n\n<li class=\"mc-mc_upcoming_106 upcoming-event mc_vereinsabend mc_no-location  future-event mc_primary_vereinsabend nonrecurring mc mc-start-18-00 ungrouped mc-event-97 today-event mc-events mc_rel_vereinsabend today\"><strong>18:00, <span class='mc_db'>3. Mai 2026<\/span><\/strong> &#8211; <a href='https:\/\/eichenauer-schuetzen.de\/?page_id=6&#038;mc_id=106&#038;rest_route=\/wp\/v2\/pages\/17' ><span class='mc-icon' aria-hidden='true'><\/span>Siegerehrung Volksfestschie\u00dfen<\/a><\/li>\n\n<li class=\"mc-mc_upcoming_94 upcoming-event mc_vereinsabend mc_schtzenheim  future-event mc_primary_vereinsabend nonrecurring mc-3-stunden mc-start-19-00 mc-group-84 mc-event-87 mc-events mc_rel_vereinsabend\"><strong><span class='mc_tb'>19:00<\/span> <span>&ndash;<\/span> <span class='mc_te'>21:30<\/span>, <span class='mc_db'>8. Mai 2026<\/span><\/strong> &#8211; <a href='https:\/\/eichenauer-schuetzen.de\/?page_id=6&#038;mc_id=94&#038;rest_route=\/wp\/v2\/pages\/17' ><span class='mc-icon' aria-hidden='true'><\/span>Vereinsabend mit Training<\/a><\/li>\n<\/ul><\/div><!-- [et_pb_line_break_holder] -->[\/et_pb_code][et_pb_image src=&#8220;https:\/\/eichenauer-schuetzen.de\/wp-content\/uploads\/2019\/11\/button-mitglied.jpg&#8220; url=&#8220;https:\/\/eichenauer-schuetzen.de\/wp-content\/uploads\/2019\/11\/17_Aufnahmeantrag_SEPA.pdf&#8220; url_new_window=&#8220;on&#8220; _builder_version=&#8220;4.16&#8243; box_shadow_style=&#8220;preset1&#8243; global_colors_info=&#8220;{}&#8220;][\/et_pb_image][et_pb_image src=&#8220;https:\/\/eichenauer-schuetzen.de\/wp-content\/uploads\/2019\/11\/button-aufsicht.jpg&#8220; url=&#8220;https:\/\/eichenauer-schuetzen.de\/wp-content\/uploads\/2026\/01\/Standaufsichtsplan_26_01_V1.pdf&#8220; url_new_window=&#8220;on&#8220; _builder_version=&#8220;4.27.4&#8243; hover_enabled=&#8220;0&#8243; box_shadow_style=&#8220;preset1&#8243; global_colors_info=&#8220;{}&#8220; sticky_enabled=&#8220;0&#8243;][\/et_pb_image][et_pb_text _builder_version=&#8220;4.27.4&#8243; text_text_color=&#8220;#000000&#8243; link_font=&#8220;||||||||&#8220; link_text_color=&#8220;#0c5114&#8243; header_text_color=&#8220;RGBA(255,255,255,0)&#8220; background_color=&#8220;#e5e5e5&#8243; use_background_color_gradient=&#8220;on&#8220; background_color_gradient_stops=&#8220;#e5e5e5 0%|#ffffff 100%&#8220; background_color_gradient_start=&#8220;#e5e5e5&#8243; background_color_gradient_end=&#8220;#ffffff&#8220; custom_padding=&#8220;|||5px|false|false&#8220; border_width_all=&#8220;1px&#8220; border_color_all=&#8220;#0c5114&#8243; box_shadow_style=&#8220;preset1&#8243; global_colors_info=&#8220;{}&#8220;]<\/p>\n<div class=\"aktuelles-ueberschrift\">Wann und wo?<\/div>\n<div class=\"aktuelles-text-ohnebild\">\n<p>Der Vereinsabend mit Wertungsschie\u00dfen findet jeden Monat zweimal freitags und einmal mittwochs statt jeweils ab 19:00 Uhr. Die genauen Termine k\u00f6nnen dem Aufsichtsplan auf der startseite entnommen werden.<\/p>\n<p>Starzelbachschule, Eingang West<br \/>(Weg zwischen Metzgerei und Schule)<\/p>\n<\/div>\n<p>[\/et_pb_text][et_pb_text _builder_version=&#8220;4.27.4&#8243; _module_preset=&#8220;default&#8220; min_height=&#8220;380px&#8220; custom_margin=&#8220;||245px|||&#8220; custom_padding=&#8220;||385px|||&#8220; global_colors_info=&#8220;{}&#8220;][\/et_pb_text][et_pb_image src=&#8220;https:\/\/eichenauer-schuetzen.de\/wp-content\/uploads\/2026\/01\/We-Want-you.png&#8220; title_text=&#8220;We Want you&#8220; _builder_version=&#8220;4.27.4&#8243; _module_preset=&#8220;default&#8220; width=&#8220;90%&#8220; global_colors_info=&#8220;{}&#8220;][\/et_pb_image][\/et_pb_column][\/et_pb_row][\/et_pb_section]<\/p>\n","protected":false},"excerpt":{"rendered":"<p>Liebe Eichenauer, liebe Freunde und Mitglieder unserer Sch\u00fctzengesellschaft, ich hei\u00dfe Euch herzlich willkommen! Diese Seite bietet alle wichtigen Informationen zu unserem Verein: \u00a0 Das Neueste vom Sport und aus dem Gesellschaftsleben&#8230; Bilder von Siegern, Jubilaren und Sch\u00fctzenk\u00f6nigen&#8230; Die n\u00e4chsten Ereignisse im Sch\u00fctzenkalender&#8230; &#8230; und nat\u00fcrlich Trainingszeiten, Kontakt und Anfahrt! \u00a0 Es erwartet Dich ein geselliges [&hellip;]<\/p>\n","protected":false},"author":1,"featured_media":0,"parent":0,"menu_order":0,"comment_status":"closed","ping_status":"closed","template":"","meta":{"_et_pb_use_builder":"on","_et_pb_old_content":"","_et_gb_content_width":"","_mc_calendar":[],"footnotes":""},"class_list":["post-17","page","type-page","status-publish","hentry"],"_links":{"self":[{"href":"https:\/\/eichenauer-schuetzen.de\/index.php?rest_route=\/wp\/v2\/pages\/17","targetHints":{"allow":["GET"]}}],"collection":[{"href":"https:\/\/eichenauer-schuetzen.de\/index.php?rest_route=\/wp\/v2\/pages"}],"about":[{"href":"https:\/\/eichenauer-schuetzen.de\/index.php?rest_route=\/wp\/v2\/types\/page"}],"author":[{"embeddable":true,"href":"https:\/\/eichenauer-schuetzen.de\/index.php?rest_route=\/wp\/v2\/users\/1"}],"replies":[{"embeddable":true,"href":"https:\/\/eichenauer-schuetzen.de\/index.php?rest_route=%2Fwp%2Fv2%2Fcomments&post=17"}],"version-history":[{"count":72,"href":"https:\/\/eichenauer-schuetzen.de\/index.php?rest_route=\/wp\/v2\/pages\/17\/revisions"}],"predecessor-version":[{"id":2058,"href":"https:\/\/eichenauer-schuetzen.de\/index.php?rest_route=\/wp\/v2\/pages\/17\/revisions\/2058"}],"wp:attachment":[{"href":"https:\/\/eichenauer-schuetzen.de\/index.php?rest_route=%2Fwp%2Fv2%2Fmedia&parent=17"}],"curies":[{"name":"wp","href":"https:\/\/api.w.org\/{rel}","templated":true}]}}